{"id":100,"date":"2019-12-28T11:47:35","date_gmt":"2019-12-28T11:47:35","guid":{"rendered":"https:\/\/www.hohlwegtrapper.de\/?page_id=100"},"modified":"2020-01-05T08:00:42","modified_gmt":"2020-01-05T08:00:42","slug":"unser-haes","status":"publish","type":"page","link":"https:\/\/www.hohlwegtrapper.de\/index.php\/unser-haes\/","title":{"rendered":"Das H\u00e4s der Hohlwegtrapper"},"content":{"rendered":"\n<h2 class=\"wp-block-heading\">M\u00e4gde und Knechte<\/h2>\n\n\n\n<p>Die M\u00e4gde und Knechte auf dem Hochstr\u00e4\u00df waren dementsprechend ihrer T\u00e4tigkeit schlicht und zweckdienlich gekleidet. Dies war der Ansatz f\u00fcr die Gestaltung und den Zuschnitt und f\u00fcr das verwendete Material beim H\u00e4s der Hohlwegtrapper.<\/p>\n\n\n\n<div class=\"wp-block-columns is-layout-flex wp-container-3 wp-block-columns-is-layout-flex\">\n<div class=\"wp-block-column is-layout-flow wp-block-column-is-layout-flow\">\n<div class=\"wp-block-image\"><figure class=\"aligncenter size-large\"><img decoding=\"async\" loading=\"lazy\" width=\"248\" height=\"400\" src=\"https:\/\/www.hohlwegtrapper.de\/wp-content\/uploads\/2020\/01\/Magd_angepasst.jpg\" alt=\"H\u00e4s der Magd\" class=\"wp-image-265\" srcset=\"https:\/\/www.hohlwegtrapper.de\/wp-content\/uploads\/2020\/01\/Magd_angepasst.jpg 248w, https:\/\/www.hohlwegtrapper.de\/wp-content\/uploads\/2020\/01\/Magd_angepasst-186x300.jpg 186w\" sizes=\"(max-width: 248px) 85vw, 248px\" \/><\/figure><\/div>\n\n\n\n<h3 class=\"has-text-align-left wp-block-heading\">Die Magd<\/h3>\n\n\n\n<p class=\"has-text-align-left\">tr\u00e4gt einen schlichten schwarzen Rock, der bis \u00fcber die Knie geht und hinten geschlitzt ist. Darunter tr\u00e4gt sie eine wei\u00dfe dreiviertellange Unterhose mit abschlie\u00dfender R\u00fcschenborte. Desweiteren ist die Magd mit einer blauen Bauernbluse bekleidet, welche au\u00dfen getragen wird und an deren rechtem Oberarm das Vereinswappen mit jeweiliger H\u00e4snummer angebracht ist. Die Sch\u00fcrze ist aus dem gleichen karierten Stoff wie das Kopf- und Halstuch und ist ca. 10 cm k\u00fcrzer als der Rock. Sie wird am Bund in Falten gelegt und hinten gebunden. Die Magd hat einen Korb bei sich.<\/p>\n<\/div>\n\n\n\n<div class=\"wp-block-column is-layout-flow wp-block-column-is-layout-flow\">\n<div class=\"wp-block-image\"><figure class=\"aligncenter size-large\"><img decoding=\"async\" loading=\"lazy\" width=\"248\" height=\"400\" src=\"https:\/\/www.hohlwegtrapper.de\/wp-content\/uploads\/2020\/01\/Knecht_angepasst.jpg\" alt=\"H\u00e4s des Knecht`s\" class=\"wp-image-267\" srcset=\"https:\/\/www.hohlwegtrapper.de\/wp-content\/uploads\/2020\/01\/Knecht_angepasst.jpg 248w, https:\/\/www.hohlwegtrapper.de\/wp-content\/uploads\/2020\/01\/Knecht_angepasst-186x300.jpg 186w\" sizes=\"(max-width: 248px) 85vw, 248px\" \/><\/figure><\/div>\n\n\n\n<h3 class=\"has-text-align-left wp-block-heading\">Der Knecht<\/h3>\n\n\n\n<p class=\"has-text-align-left\">tr\u00e4gt eine schwarze, stabile Cordhose mit einem karierten Sacktuch aus der rechten Seitentasche h\u00e4ngend. Auch er tr\u00e4gt ein blaues Bauernhemd, welches ebenfalls au\u00dfen getragen wird und an dessen rechtem Oberarm ebenfalls das Vereinswappen mit H\u00e4snummer angebracht ist. Au\u00dferdem steckt in seiner Brusttasche ein kariertes Tuch. Aus demselben karierten Stoff tr\u00e4gt der Knecht auch noch ein Halstuch. Ein aus Jute gen\u00e4hter Sack mit schwarzem Band, welcher an der Seite getragen wird, vervollst\u00e4ndigt das H\u00e4s.<\/p>\n<\/div>\n<\/div>\n\n\n\n<h2 class=\"has-text-align-left wp-block-heading\">Accessoires und Masken<\/h2>\n\n\n\n<p>Weiterhin tragen Knecht und Magd schwarze halbhohe Schn\u00fcrschuhe, graue Kniestr\u00fcmpfe und schwarz Fingerhandschuhe. Au\u00dferdem k\u00f6nnen sie beim Umzug ungef\u00e4hrliches altes Werkzeug oder auch K\u00fcchenutensilien, wie Holzl\u00f6ffel, Waschbrett, Milchkanne, Teppichklopfer usw., aus der damaligen Zeit mit sich tragen. <\/p>\n\n\n\n<p>Die Holzmasken sind allesamt Unikate und werden aufgrund von fotografischen Vorlagen von der Jahrhundertwende entworfen und geschnitzt. Die Magd tr\u00e4gt sie mit einem karierten Kopftuch und der Knecht mit schwarzem Tuch. Manche Knechte tragen dazu noch einen Hut.<br><\/p>\n","protected":false},"excerpt":{"rendered":"<p>M\u00e4gde und Knechte Die M\u00e4gde und Knechte auf dem Hochstr\u00e4\u00df waren dementsprechend ihrer T\u00e4tigkeit schlicht und zweckdienlich gekleidet. Dies war der Ansatz f\u00fcr die Gestaltung und den Zuschnitt und f\u00fcr das verwendete Material beim H\u00e4s der Hohlwegtrapper. Die Magd tr\u00e4gt einen schlichten schwarzen Rock, der bis \u00fcber die Knie geht und hinten geschlitzt ist. Darunter &hellip; <a href=\"https:\/\/www.hohlwegtrapper.de\/index.php\/unser-haes\/\" class=\"more-link\"><span class=\"screen-reader-text\">\u201eDas H\u00e4s der Hohlwegtrapper\u201c<\/span> weiterlesen<\/a><\/p>\n","protected":false},"author":3,"featured_media":289,"parent":0,"menu_order":0,"comment_status":"closed","ping_status":"closed","template":"","meta":{"footnotes":""},"_links":{"self":[{"href":"https:\/\/www.hohlwegtrapper.de\/index.php\/wp-json\/wp\/v2\/pages\/100"}],"collection":[{"href":"https:\/\/www.hohlwegtrapper.de\/index.php\/wp-json\/wp\/v2\/pages"}],"about":[{"href":"https:\/\/www.hohlwegtrapper.de\/index.php\/wp-json\/wp\/v2\/types\/page"}],"author":[{"embeddable":true,"href":"https:\/\/www.hohlwegtrapper.de\/index.php\/wp-json\/wp\/v2\/users\/3"}],"replies":[{"embeddable":true,"href":"https:\/\/www.hohlwegtrapper.de\/index.php\/wp-json\/wp\/v2\/comments?post=100"}],"version-history":[{"count":4,"href":"https:\/\/www.hohlwegtrapper.de\/index.php\/wp-json\/wp\/v2\/pages\/100\/revisions"}],"predecessor-version":[{"id":290,"href":"https:\/\/www.hohlwegtrapper.de\/index.php\/wp-json\/wp\/v2\/pages\/100\/revisions\/290"}],"wp:featuredmedia":[{"embeddable":true,"href":"https:\/\/www.hohlwegtrapper.de\/index.php\/wp-json\/wp\/v2\/media\/289"}],"wp:attachment":[{"href":"https:\/\/www.hohlwegtrapper.de\/index.php\/wp-json\/wp\/v2\/media?parent=100"}],"curies":[{"name":"wp","href":"https:\/\/api.w.org\/{rel}","templated":true}]}}